{"id":68,"date":"2016-10-11T15:50:35","date_gmt":"2016-10-11T15:50:35","guid":{"rendered":"http:\/\/www.njms.org\/es\/?page_id=68"},"modified":"2026-08-19T16:42:34","modified_gmt":"2026-08-19T16:42:34","slug":"acerca-de-nosotros","status":"publish","type":"page","link":"https:\/\/www.nativityjesuit.org\/es\/acerca-de-nosotros\/","title":{"rendered":"Acerca de Nosotros"},"content":{"rendered":"<p>[vc_row row_type=&#8221;2&#8243; animate=&#8221;&#8221; blox_image=&#8221;4933&#8243; align_center=&#8221;aligncenter&#8221; full_container=&#8221;full-container&#8221; blox_padding_top=&#8221;225px&#8221; blox_padding_bottom=&#8221;120px&#8221;][vc_column css=&#8221;.vc_custom_1476198114328{margin-top: 0px !important;margin-right: 0px !important;margin-bottom: 0px !important;margin-left: 0px !important;border-top-width: 0px !important;border-right-width: 0px !important;border-bottom-width: 0px !important;border-left-width: 0px !important;padding-top: 0px !important;padding-right: 0px !important;padding-bottom: 0px !important;padding-left: 0px !important;}&#8221;][vc_column_text][\/vc_column_text][\/vc_column][\/vc_row][vc_row row_type=&#8221;2&#8243; animate=&#8221;&#8221; blox_padding_top=&#8221;60px&#8221; blox_padding_bottom=&#8221;60px&#8221;][vc_column width=&#8221;2\/3&#8243;][vc_column_text]<\/p>\n<h1 style=\"text-align: center;\">ACERCA DE NOSOTROS<\/h1>\n<p>[\/vc_column_text][vc_video link=&#8221;https:\/\/youtu.be\/1f_dVZ5B7f4&#8243;][vc_empty_space][vc_column_text]Nativity Jesuit Academy es una escuela mixta, cat\u00f3lica, jesuita y urbana de K4-8 que sirve a hombres y mujeres j\u00f3venes. Preparamos a nuestros estudiantes, en sociedad con sus familias, para el liderazgo cristiano y el servicio en la escuela secundaria, la universidad y la vida. A trav\u00e9s de un programa educativo \u00fanico y hol\u00edstico, Nativity Jesuit se esfuerza por formar l\u00edderes religiosos, amorosos, que buscan la excelencia intelectual, comprometidos con la justicia y abiertos al crecimiento.<\/p>\n<p>&nbsp;<\/p>\n<p>El 100% de los estudiantes de Nativity son latinos y el 98% de nuestros estudiantes califican para participar en el programa de vales de elecci\u00f3n de escuela. Nos esforzamos no solo por transformar vidas individuales, sino tambi\u00e9n por transformar el lado sur de Milwaukee a trav\u00e9s del liderazgo de nuestros graduados.<\/p>\n<p>&nbsp;<\/p>\n<p><strong>Nuestro modelo educativo \u00fanico incluye:<\/strong><\/p>\n<ul>\n<li>Desarrollo de la fe guiados por los principios de la espiritualidad Ignaciana<\/li>\n<li>Participaci\u00f3n de la familia y la comunidad y la celebraci\u00f3n de la cultura latina<\/li>\n<li>Un d\u00eda escolar extendido para estudiantes en los grados 5to a 8vo que incluye una sala de estudio obligatoria despu\u00e9s de la escuela hasta las 4:30 p.m.<\/li>\n<li>\u00a0Un programa acad\u00e9mico de 12 meses para estudiantes en los grados 1ero a 8vo\n<ul>\n<li>Escuela de verano obligatoria para los grados 1ero a 5to\u00a0 en nuestro campus de Milwaukee<\/li>\n<li>Un programa residencial acad\u00e9mico de verano obligatorio para los grados 6to a 8vo en el condado de Iron, Wisconsin, conocido como &#8220;Camp Thunderhead&#8221;, donde los estudiantes aprenden lectura, matem\u00e1ticas y ciencias durante seis d\u00edas a la semana, as\u00ed como liderazgo y habilidades para la vida.<\/li>\n<\/ul>\n<\/li>\n<li>Servicios s\u00f3lidos de apoyo para graduados que ayudan a los estudiantes acad\u00e9mica, emocional y espiritualmente durante su carrera en la escuela preparatoria\u00a0 y m\u00e1s all\u00e1\n<ul>\n<li>Los estudiantes reciben apoyo en la transici\u00f3n del octavo grado a la escuela preparatoria<\/li>\n<li>Cada graduado de Nativity est\u00e1 emparejado con un mentor durante sus cuatro a\u00f1os de escuela preparatoria<\/li>\n<\/ul>\n<\/li>\n<\/ul>\n<p>[\/vc_column_text][vc_empty_space][vc_btn title=&#8221;Aprenda m\u00e1s acerca de la educaci\u00f3n de Nativity&#8221; color=&#8221;black&#8221; align=&#8221;center&#8221; button_block=&#8221;true&#8221; link=&#8221;url:https%3A%2F%2Fwww.nativityjesuit.org%2Fes%2Facademicos%2F|title:Acad%C3%A9micos&#8221;][vc_btn title=&#8221;Haga un regalo para apoyar a los estudiantes de Nativity&#8221; color=&#8221;black&#8221; align=&#8221;center&#8221; button_block=&#8221;true&#8221; link=&#8221;url:https%3A%2F%2Fwww.nativityjesuit.org%2Fes%2Fapoyanos%2F|title:Acad%C3%A9micos&#8221;][vc_empty_space][vc_separator][vc_empty_space][vc_column_text]<\/p>\n<h1><b>Historias de Nativity<\/b><\/h1>\n<p>[\/vc_column_text][vc_column_text]Graduados[\/vc_column_text][vc_row_inner][vc_column_inner width=&#8221;1\/2&#8243;][vc_column_text]<\/p>\n<h5>La historia de Jose<\/h5>\n<p>[\/vc_column_text][vc_video link=&#8221;https:\/\/youtu.be\/uXzXbu9oMKE&#8221;][vc_column_text]Graduado Jos\u00e9 Gonz\u00e1lez &#8217;03 comparte c\u00f3mo la educaci\u00f3n de Nativity cre\u00f3 muchas conexiones que moldearon su vida hasta el d\u00eda de hoy.[\/vc_column_text][\/vc_column_inner][vc_column_inner width=&#8221;1\/2&#8243;][vc_column_text]<\/p>\n<h5>La Historia de Victor<\/h5>\n<p>[\/vc_column_text][vc_video link=&#8221;https:\/\/youtu.be\/98aLFyi4Wh0&#8243;][vc_column_text]Graduado V\u00edctor Hern\u00e1ndez &#8217;06 comparte sus experiencias con Nativity Jesuit Academy.[\/vc_column_text][\/vc_column_inner][\/vc_row_inner][vc_empty_space][vc_column_text]<\/p>\n<h3><strong><b>Familias Actuales<\/b><\/strong><\/h3>\n<p>[\/vc_column_text][vc_row_inner][vc_column_inner width=&#8221;1\/2&#8243;][vc_column_text]<\/p>\n<h5>Perspectiva de los Padres sobre el Campamento Thunderhead<\/h5>\n<p>[\/vc_column_text][vc_video link=&#8221;https:\/\/youtu.be\/asD9U3ix_Po&#8221;][vc_column_text]La madre de Nativity, Martha, reflexiona sobre el crecimiento de su hija mientras asiste a Camp Thunderhead, el programa acad\u00e9mico de verano residencial obligatorio de Nativity.[\/vc_column_text][\/vc_column_inner][vc_column_inner width=&#8221;1\/2&#8243;][vc_column_text]<\/p>\n<h5>Perspectiva de los padres sobre el desarrollo del liderazgo<\/h5>\n<p>[\/vc_column_text][vc_video link=&#8221;https:\/\/youtu.be\/wiUi2GAxWZA&#8221;][vc_column_text]Los padres de Nativity, Luz Mar\u00eda y Teodoro, comparten sobre el desarrollo de sus hijos como l\u00edderes en Nativity, as\u00ed como las formas en que han estado involucrados en la direcci\u00f3n de la escuela como padres.[\/vc_column_text][\/vc_column_inner][\/vc_row_inner][vc_empty_space][vc_row_inner][vc_column_inner width=&#8221;1\/2&#8243;][vc_column_text]<\/p>\n<h5>La Fiesta de Nuestra Se\u00f1ora de Guadalupe<\/h5>\n<p>&nbsp;<\/p>\n<p>[\/vc_column_text][vc_video link=&#8221;https:\/\/youtu.be\/Y7VUBRDT1DY&#8221;][vc_column_text]En este d\u00eda nuestros estudiantes, padres, maestros y personal se reunieron para celebrar la Fiesta de Nuestra Se\u00f1ora de Guadalupe.[\/vc_column_text][\/vc_column_inner][vc_column_inner width=&#8221;1\/2&#8243;][vc_column_text]<\/p>\n<h5>Perspectiva de los padres sobre la educaci\u00f3n jesuita<\/h5>\n<p>[\/vc_column_text][vc_video link=&#8221;https:\/\/youtu.be\/rNkmpGKo8t0&#8243;][vc_column_text]La madre de un alumno de Nativity, Delia, comparte el incre\u00edble impacto de la educaci\u00f3n jesuita en la vida de sus hijos.[\/vc_column_text][\/vc_column_inner][\/vc_row_inner][\/vc_column][vc_column width=&#8221;1\/3&#8243;][vc_column_text css=&#8221;.vc_custom_1701107267930{margin-top: 0px !important;margin-right: 0px !important;margin-bottom: 0px !important;margin-left: 0px !important;border-top-width: 0px !important;border-right-width: 0px !important;border-bottom-width: 0px !important;border-left-width: 0px !important;padding-top: 50px !important;padding-right: 20px !important;padding-bottom: 50px !important;padding-left: 20px !important;}&#8221;]<a class=\"btn-red-lar\" href=\"https:\/\/www.nativityjesuit.org\/es\/acerca-de-nosotros\/\">Acerca de Nosotros<\/a><br \/>\n<a class=\"btn-red-lar\" href=\"https:\/\/www.nativityjesuit.org\/es\/acerca-de-nosotros\/historia\/\">Historia<\/a><br \/>\n<a class=\"btn-red-lar\" href=\"https:\/\/www.nativityjesuit.org\/es\/acerca-de-nosotros\/mision\/\">Misi\u00f3n<\/a><br \/>\n<a class=\"btn-red-lar\" href=\"https:\/\/www.nativityjesuit.org\/es\/acerca-de-nosotros\/liderazgo\/\">Liderazgo<\/a><br \/>\n<a class=\"btn-red-lar\" href=\"https:\/\/www.nativityjesuit.org\/es\/acerca-de-nosotros\/directorio-de-personal-docente-y-administrativo\/\">Directorio de Personal<\/a><br \/>\n<a class=\"btn-red-lar\" href=\"https:\/\/www.nativityjesuit.org\/es\/acerca-de-nosotros\/oportunidades-de-empleo\/\">Oportunidades de Empleo<\/a><br \/>\n<a class=\"btn-red-lar\" href=\"https:\/\/www.nativityjesuit.org\/es\/acerca-de-nosotros\/noticias\/\">Nativity Jesuit en las Noticias<\/a><br \/>\n<a class=\"btn-red-lar\" href=\"https:\/\/www.nativityjesuit.org\/es\/acerca-de-nosotros\/patrocinio-ignaciano\/\">Patrocinio Ignaciano<\/a><br \/>\n<a class=\"btn-red-lar\" href=\"https:\/\/www.nativityjesuit.org\/es\/acerca-de-nosotros\/linea-de-tiempo\/\">L\u00ednea De Tiempo<\/a>[\/vc_column_text][\/vc_column][\/vc_row]<\/p>\n","protected":false},"excerpt":{"rendered":"<p>[vc_row row_type=&#8221;2&#8243; animate=&#8221;&#8221; blox_image=&#8221;4933&#8243; align_center=&#8221;aligncenter&#8221; full_container=&#8221;full-container&#8221; blox_padding_top=&#8221;225px&#8221; blox_padding_bottom=&#8221;120px&#8221;][vc_column css=&#8221;.vc_custom_1476198114328{margin-top: 0px !important;margin-right: 0px !important;margin-bottom: 0px !important;margin-left: 0px !important;border-top-width: 0px !important;border-right-width: 0px !important;border-bottom-width: 0px !important;border-left-width: 0px !important;padding-top: 0px !important;padding-right: 0px !important;padding-bottom: 0px !important;padding-left: 0px !important;}&#8221;][vc_column_text][\/vc_column_text][\/vc_column][\/vc_row][vc_row row_type=&#8221;2&#8243; animate=&#8221;&#8221; blox_padding_top=&#8221;60px&#8221; blox_padding_bottom=&#8221;60px&#8221;][vc_column width=&#8221;2\/3&#8243;][vc_column_text] ACERCA DE NOSOTROS [\/vc_column_text][vc_video link=&#8221;https:\/\/youtu.be\/1f_dVZ5B7f4&#8243;][vc_empty_space][vc_column_text]Nativity Jesuit Academy es una escuela mixta, cat\u00f3lica, jesuita y urbana de K4-8 que sirve a hombres y mujeres j\u00f3venes. Preparamos a nuestros estudiantes, en sociedad con sus familias, para el liderazgo cristiano y el servicio en la escuela secundaria, la universidad y la vida. A trav\u00e9s de un programa educativo \u00fanico y hol\u00edstico, Nativity Jesuit se esfuerza por formar l\u00edderes religiosos, amorosos, que buscan la excelencia intelectual, comprometidos con la justicia y abiertos al crecimiento. &nbsp; El 100% de los estudiantes de Nativity son latinos y el 98% de nuestros estudiantes califican para participar en el programa de vales de elecci\u00f3n de escuela. Nos esforzamos no solo por transformar vidas individuales, sino tambi\u00e9n por transformar el lado sur de Milwaukee a trav\u00e9s del liderazgo de nuestros graduados. &nbsp; Nuestro modelo educativo \u00fanico incluye: Desarrollo de la fe guiados por los principios de la espiritualidad Ignaciana Participaci\u00f3n de la familia y la comunidad y la celebraci\u00f3n de la cultura latina Un d\u00eda escolar extendido para estudiantes en los grados 5to a 8vo que incluye una sala de estudio obligatoria despu\u00e9s de la escuela hasta las 4:30 p.m. \u00a0Un programa acad\u00e9mico de 12 meses para estudiantes en los grados 1ero a 8vo Escuela de verano obligatoria para los grados 1ero a 5to\u00a0 en nuestro campus de Milwaukee Un programa residencial acad\u00e9mico de verano obligatorio para los grados 6to a 8vo en el condado de Iron, Wisconsin, conocido como &#8220;Camp Thunderhead&#8221;, donde los estudiantes aprenden lectura, matem\u00e1ticas y ciencias durante seis d\u00edas a la semana, as\u00ed como liderazgo y habilidades&#8230; <\/p>\n<p><a class=\"readmore\" href=\"https:\/\/www.nativityjesuit.org\/es\/acerca-de-nosotros\/\">Continue Reading<\/a><\/p>\n","protected":false},"author":1,"featured_media":0,"parent":0,"menu_order":0,"comment_status":"closed","ping_status":"closed","template":"","meta":{"footnotes":""},"class_list":["post-68","page","type-page","status-publish","hentry"],"_links":{"self":[{"href":"https:\/\/www.nativityjesuit.org\/es\/wp-json\/wp\/v2\/pages\/68","targetHints":{"allow":["GET"]}}],"collection":[{"href":"https:\/\/www.nativityjesuit.org\/es\/wp-json\/wp\/v2\/pages"}],"about":[{"href":"https:\/\/www.nativityjesuit.org\/es\/wp-json\/wp\/v2\/types\/page"}],"author":[{"embeddable":true,"href":"https:\/\/www.nativityjesuit.org\/es\/wp-json\/wp\/v2\/users\/1"}],"replies":[{"embeddable":true,"href":"https:\/\/www.nativityjesuit.org\/es\/wp-json\/wp\/v2\/comments?post=68"}],"version-history":[{"count":108,"href":"https:\/\/www.nativityjesuit.org\/es\/wp-json\/wp\/v2\/pages\/68\/revisions"}],"predecessor-version":[{"id":5398,"href":"https:\/\/www.nativityjesuit.org\/es\/wp-json\/wp\/v2\/pages\/68\/revisions\/5398"}],"wp:attachment":[{"href":"https:\/\/www.nativityjesuit.org\/es\/wp-json\/wp\/v2\/media?parent=68"}],"curies":[{"name":"wp","href":"https:\/\/api.w.org\/{rel}","templated":true}]}}