{"id":218,"date":"2016-10-13T17:47:11","date_gmt":"2016-10-13T17:47:11","guid":{"rendered":"http:\/\/www.njms.org\/es\/?page_id=218"},"modified":"2026-06-24T17:36:12","modified_gmt":"2026-06-24T17:36:12","slug":"noticias","status":"publish","type":"page","link":"https:\/\/www.nativityjesuit.org\/es\/acerca-de-nosotros\/noticias\/","title":{"rendered":"Nativity Jesuit en las Noticias"},"content":{"rendered":"<p>[vc_row row_type=&#8221;2&#8243; animate=&#8221;&#8221; blox_image=&#8221;4933&#8243; blox_bg_position=&#8221;left top&#8221; align_center=&#8221;aligncenter&#8221; full_container=&#8221;full-container&#8221; blox_padding_top=&#8221;225px&#8221; blox_padding_bottom=&#8221;120px&#8221;][vc_column css=&#8221;.vc_custom_1476198114328{margin-top: 0px !important;margin-right: 0px !important;margin-bottom: 0px !important;margin-left: 0px !important;border-top-width: 0px !important;border-right-width: 0px !important;border-bottom-width: 0px !important;border-left-width: 0px !important;padding-top: 0px !important;padding-right: 0px !important;padding-bottom: 0px !important;padding-left: 0px !important;}&#8221;][\/vc_column][\/vc_row][vc_row row_type=&#8221;2&#8243; animate=&#8221;&#8221; blox_padding_top=&#8221;60px&#8221; blox_padding_bottom=&#8221;60px&#8221;][vc_column width=&#8221;2\/3&#8243;][vc_column_text]<\/p>\n<h1 style=\"text-align: center;\">Nativity Jesuit en las Noticias<\/h1>\n<p>[\/vc_column_text][vc_column_text]<a href=\"https:\/\/www.nativityjesuit.org\/es\/wp-content\/uploads\/2026\/06\/NJA-Newsletter-Spring-2026-web-1.pdf\"><img loading=\"lazy\" decoding=\"async\" class=\"aligncenter wp-image-5362 size-full\" src=\"https:\/\/www.nativityjesuit.org\/es\/wp-content\/uploads\/2026\/06\/SN26-Cover-photo.jpeg\" alt=\"\" width=\"799\" height=\"1033\" srcset=\"https:\/\/www.nativityjesuit.org\/es\/wp-content\/uploads\/2026\/06\/SN26-Cover-photo.jpeg 799w, https:\/\/www.nativityjesuit.org\/es\/wp-content\/uploads\/2026\/06\/SN26-Cover-photo-232x300.jpeg 232w, https:\/\/www.nativityjesuit.org\/es\/wp-content\/uploads\/2026\/06\/SN26-Cover-photo-792x1024.jpeg 792w, https:\/\/www.nativityjesuit.org\/es\/wp-content\/uploads\/2026\/06\/SN26-Cover-photo-768x993.jpeg 768w\" sizes=\"auto, (max-width: 799px) 100vw, 799px\" \/><\/a>[\/vc_column_text][vc_column_text]Conozca las \u00faltimas noticias de Nativity Jesuit Academy en nuestro <a href=\"https:\/\/www.nativityjesuit.org\/es\/wp-content\/uploads\/2026\/06\/NJA-Newsletter-Spring-2026-web-1.pdf\">Bolet\u00edn de primavera 2026<\/a>[\/vc_column_text][vc_empty_space][vc_tta_accordion active_section=&#8221;1&#8243; collapsible_all=&#8221;true&#8221;][vc_tta_section title=&#8221;Cobertura Medi\u00e1tica&#8221; tab_id=&#8221;1608061514236-d6a6267b-9be1&#8243;][vc_column_text]<\/p>\n<div>\n<p><a href=\"https:\/\/catholicherald.org\/catholic-herald\/general\/impact-with-faith-filled-leadership\/\">Catholic Herald (febrero 2026 ) &#8211; Maestra del A\u00f1o \u2013 Martha P\u00e9rez, Nativity Jesuit Academy, Milwaukee<\/a><\/p>\n<ul>\n<li>Descubra c\u00f3mo Martha Perez, galardonada como Maestra del A\u00f1o 2026 por el Catholic Herald, integra la fe, el aprendizaje socioemocional y los valores jesuitas para generar un impacto profundo en sus alumnos de K5 en Nativity Jesuit Academy.<\/li>\n<\/ul>\n<p><a href=\"https:\/\/catholicherald.org\/columns\/teachers-inspire-faith-academic-success\/#:~:text=Mrs.%20Martha%20Perez%2C%20Nativity%20Jesuit%20Academy%2C%20Milwaukee%2C%20Grade%20K5\">Martha P\u00e9rez, de Nativity Jesuit Academy, recibe el premio a la Maestra del A\u00f1o 2026 de Catholic Herald.<\/a><\/p>\n<ul>\n<li>En reconocimiento a su excepcional dedicaci\u00f3n a la ense\u00f1anza basada en la fe y a su profundo impacto en los j\u00f3venes estudiantes, la Sra. Martha P\u00e9rez ha sido nombrada una de las seis galardonadas con este prestigioso premio, en el marco de las celebraciones anuales de la Semana de las Escuelas Cat\u00f3licas.<\/li>\n<\/ul>\n<p><a href=\"https:\/\/www.nativityjesuit.org\/wp-content\/uploads\/2025\/12\/BizTimes-Giving-Guide-2026.pdf\">BizTimes (noviembre 2025) &#8211; &#8220;Gu\u00eda para donar&#8221;<\/a><\/p>\n<ul>\n<li>Consulte el perfil de Nativity, que incluye aspectos destacados de nuestra misi\u00f3n, fuentes de ingresos, liderazgo, resultados y c\u00f3mo los ciudadanos y las empresas pueden participar.<\/li>\n<\/ul>\n<p><a href=\"https:\/\/www.nativityjesuit.org\/wp-content\/uploads\/2025\/11\/Press-Release-NJA-24-25-School-Report-Card.pdf\">Nativity Jesuit Academy #1 School In The City Of Milwaukee which includes private, public and high schools<\/a><\/p>\n<ul>\n<li>Consistent Excellence: Southside Catholic Jesuit School Receives 5-Star Rating for Seventh Year in a Row<\/li>\n<\/ul>\n<p><a href=\"https:\/\/biztimes.com\/nativity-jesuit-academy-breaks-ground-on-1-4-million-playfield-project\/\">BizTimes (mayo de 2025) &#8211; Nativity Jesuit Academy inicia la construcci\u00f3n de un proyecto de campo de juego de $1.4 millones<\/a><\/p>\n<ul>\n<li>Nativity inicia la construcci\u00f3n del patio de juegos y el centro comercial peatonal Nicholas Family Field que beneficiar\u00e1 tanto a los estudiantes como a la comunidad.<\/li>\n<\/ul>\n<p><a href=\"https:\/\/www.nativityjesuit.org\/es\/wp-content\/uploads\/2024\/12\/BizTimes-Giving-Guide-2025.pdf\">BizTimes (noviembre 2024) &#8211; &#8220;Gu\u00eda para donar&#8221;<\/a><\/p>\n<ul>\n<li>Consulte el perfil de Nativity, que incluye aspectos destacados de nuestra misi\u00f3n, fuentes de ingresos, liderazgo, resultados y c\u00f3mo los ciudadanos y las empresas pueden participar.<\/li>\n<\/ul>\n<p><a href=\"https:\/\/www.nativityjesuit.org\/wp-content\/uploads\/2024\/02\/GG24_NativityJesuitAcademy.pdf\">BizTimes (febrero de 2024) &#8211; &#8220;Gu\u00eda para donar&#8221;<\/a><\/p>\n<ul>\n<li>Consulte el perfil de Nativity, que incluye aspectos destacados de nuestra misi\u00f3n, fuentes de ingresos, liderazgo, resultados y c\u00f3mo los ciudadanos y las empresas pueden participar.<\/li>\n<\/ul>\n<p><a href=\"https:\/\/milwaukeenns.org\/2023\/04\/20\/post-from-community-nativity-jesuit-academy-receives-500000-donation-to-bolster-graduates-success\/\">Milwaukee Neighborhood News Service (abril de 2023) &#8211; &#8220;Nativity Jesuit Academy recibe una donaci\u00f3n de $500,000 para impulsar el \u00e9xito de los graduados&#8221;<\/a><\/p>\n<ul>\n<li>Se present\u00f3 el regalo transformador de Nativity de Anne Kebisek Dudek, que brindar\u00e1 asistencia financiera para garantizar que todos los graduados de Nativity puedan asistir a la escuela preparatoria cat\u00f3lica de su elecci\u00f3n, independientemente de las capacidades financieras de la familia.<\/li>\n<\/ul>\n<p><a href=\"https:\/\/biztimes.com\/reading-school-report-cards-for-all-theyre-worth\/\">BizTimes (Febrero de 2023)<\/a><\/p>\n<ul>\n<li>La clasificaci\u00f3n m\u00e1s alta de Nativity Jesuit Academy en la boleta de calificaciones estatal de 2023 se comparti\u00f3 en este art\u00edculo que destaca los componentes matizados del sistema de boletas de calificaciones estatales.<\/li>\n<\/ul>\n<p><a href=\"https:\/\/www.wuwm.com\/2022-11-15\/1-in-5-wisconsin-school-districts-slide-in-state-report-card-rankings-including-mps\">WUWM 89.7- Milwaukee\u2019s NPR Station (noviembre de 2022)\u00a0<\/a><\/p>\n<ul>\n<li>El \u00e9xito continuo de Nativity Jesuit Academy ha sido resaltado con el lanzamiento p\u00fablico de las boletas de calificaciones escolares del 2021-22.<\/li>\n<\/ul>\n<p><a href=\"https:\/\/catholicherald.org\/featured\/gifts-grant-recipients-announced\/\" target=\"_blank\" rel=\"noopener\" data-saferedirecturl=\"https:\/\/www.google.com\/url?q=https:\/\/catholicherald.org\/featured\/gifts-grant-recipients-announced\/&amp;source=gmail&amp;ust=1655389313059000&amp;usg=AOvVaw2f--9BbpjLG_22YUDXWfL5\">Catholic Herald (junio de 2022) &#8211; &#8220;Se anuncian los beneficiarios de la Beca GIFTS&#8221;<\/a><\/p>\n<ul>\n<li>Nativity Jesuit Academy recibe una beca de $5,000 en REGALOS para actualizaciones de la biblioteca.<\/li>\n<\/ul>\n<p><span class=\"im\"><a href=\"https:\/\/drydenwire.com\/news\/2022-herb-kohl-foundation-excellence-scholarship-initiative-scholarship-fellowship-leadership-award-recipients-announced\/\" target=\"_blank\" rel=\"noopener\" data-saferedirecturl=\"https:\/\/www.google.com\/url?q=https:\/\/drydenwire.com\/news\/2022-herb-kohl-foundation-excellence-scholarship-initiative-scholarship-fellowship-leadership-award-recipients-announced\/&amp;source=gmail&amp;ust=1655389313059000&amp;usg=AOvVaw1sS4Vu2PXh-rO3GIGAmEo0\">Dryden Wire (avril de 2022) &#8211; &#8220;Se anunciaron los ganadores de la beca de excelencia, la beca de iniciativa, la beca y el premio de liderazgo de la Fundaci\u00f3n Herb Kohl 2022&#8221;<\/a><br \/>\n<\/span><\/p>\n<ul>\n<li>La maestra de primer grado de Nativity, Lizzie Siewert, fue nombrada entre los 2022 Teacher Fellows que reconocen a los educadores &#8220;que han sido elegidos por su capacidad superior para inspirar el amor por el aprendizaje en sus estudiantes, su capacidad para motivar a otros y su liderazgo y servicio dentro y fuera del aula .&#8221;<\/li>\n<\/ul>\n<p><a href=\"https:\/\/biztimes.com\/viewpoints-each-family-deserves-a-choice-regardless-of-income-when-it-comes-to-educating-their-children\/\" target=\"_blank\" rel=\"noopener\" data-saferedirecturl=\"https:\/\/www.google.com\/url?q=https:\/\/biztimes.com\/viewpoints-each-family-deserves-a-choice-regardless-of-income-when-it-comes-to-educating-their-children\/&amp;source=gmail&amp;ust=1645645224134000&amp;usg=AOvVaw16ER02jO-qNIz4O7S35-ki\"><span class=\"il\">BizTimes<\/span>\u00a0Media (febrero de 2022) \u2013 \u201cPuntos de vista: cada familia merece una opci\u00f3n, independientemente de sus ingresos, cuando se trata de educar a sus hijos\u201d<\/a><\/p>\n<ul>\n<li>Editorial de la presidenta de Nativity, Vanessa Solis, sobre el impacto de Choice en el panorama educativo de Milwaukee.<\/li>\n<\/ul>\n<p><a href=\"https:\/\/www.jsonline.com\/story\/news\/education\/2021\/11\/17\/wisconsin-schools-slide-first-dpi-report-cards-since-pandemic\/6401593001\/?utm_source=jsonline-Daily%20Briefing&amp;utm_medium=email&amp;utm_campaign=daily_briefing_greeting&amp;utm_term=newsletter_greeting&amp;utm_content=1258MJ-E-NLETTER65\">Milwaukee Journal Sentinel (noviembre de 2021) &#8211; &#8220;As\u00ed es como las escuelas de Wisconsin se desempe\u00f1aron en las primeras boletas de calificaciones del DPI desde la pandemia&#8221;<\/a><\/p>\n<ul>\n<li aria-level=\"1\">El art\u00edculo destaca las escuelas de mejor desempe\u00f1o en Milwaukee, incluida Nativity Jesuit Academy, seg\u00fan lo identificado por las clasificaciones del bolet\u00edn de calificaciones escolares de 2021.<\/li>\n<\/ul>\n<p><a href=\"https:\/\/eedition.catholicherald.org\/Catholic-Herald-11042021-e-Edition\/B5\/\">Catholic Herald (noviembre de 2021) &#8211; &#8220;Caminata de soles por la educaci\u00f3n cat\u00f3lica&#8221;<\/a><\/p>\n<ul>\n<li aria-level=\"1\">Nativity Jesuit Academy se incluye entre las escuelas destacadas en la caminata anual Soles Walk for Catholic Education. M\u00e1s de 50 participantes se reunieron en Three Bridges Park en apoyo de Nativity.<\/li>\n<\/ul>\n<p><a href=\"https:\/\/l.facebook.com\/l.php?u=https%3A%2F%2Fyoutu.be%2FcvgCZHsLLjg%3Ffbclid%3DIwAR1hm0FWWmw-US_esEwmP9IbrBPIIN5BN5NPSTNfDSEqm9umA_wFFqYGN3s&amp;h=AT1gBTK3sREoicjfs7DmbgzPuNccG3ZLeVHZ-N5YeCRYAWxOvCbtzIwQx0qtRQXm_97cZrgPUF68HmWfYLkkuaCZ5sYfGfyVmd751q8y5NysUFI4x7nRd5ULtSrwEchaLrsc&amp;__tn__=-UK-R&amp;c[0]=AT0uqpgX1pDaYT8pzA6zTMWDmh5X9TeEcwebKFTbv3-KHgxDUlDcGOHkiNkbe-bjauFWII1eJW6ZohgrWMWwrGbXqwWVUcpsgbpVmCqDMjVJoKM6hsIKqUKQMDJHZR9mjdF5wXwtDv11Q3ws8xz_rfTESq5h5BGROLegsaVWgFgVcWEm8s36Lk-tBL41uAynX6nBvdk\">Hispanic Professionals of Greater Milwaukee (octubre de 2021) &#8211; &#8220;Gala de la HPGM de 2021: la historia de Vanessa Solis&#8221;<\/a><\/p>\n<ul>\n<li aria-level=\"1\">La presidenta de Nativity, Vanessa Solis, fue presentada por HPGM en su gala anual. Este video, que se mostr\u00f3 en el evento, destaca la historia de Vanessa y su trabajo en Nativity.<\/li>\n<\/ul>\n<p><a href=\"https:\/\/catholicherald.org\/featured\/school-continues-at-camp-thunderhead-plus-photo-gallery\/\">Catholic Herald (Julio de 2021) &#8211; &#8220;La escuela contin\u00faa en Camp Thunderhead&#8221;<\/a><\/p>\n<ul>\n<li>Este art\u00edculo destaca el enfoque de Nativity para el aprendizaje durante todo el a\u00f1o, incluido Camp Thunderhead, nuestro programa residencial de verano para estudiantes de secundaria.<\/li>\n<\/ul>\n<\/div>\n<div class=\"gmail_default\">\n<div><\/div>\n<\/div>\n<p>[\/vc_column_text][\/vc_tta_section][vc_tta_section title=&#8221;Boletines Anteriores&#8221; tab_id=&#8221;1608061514269-d4206835-7606&#8243;][vc_column_text css=&#8221;.vc_custom_1762807110208{padding-top: 30px !important;}&#8221;]<\/p>\n<ul>\n<li><a href=\"https:\/\/www.nativityjesuit.org\/wp-content\/uploads\/2025\/11\/NJA-Newsletter-Fall-2025.pdf\" target=\"_blank\" rel=\"noopener\"><strong>Bolet\u00edn Informativo de Oto\u00f1o de 2025<\/strong><\/a><\/li>\n<li><a href=\"https:\/\/www.nativityjesuit.org\/wp-content\/uploads\/2025\/08\/NJA-Newsletter-Spring-2025.pdf\" target=\"_blank\" rel=\"noopener\"><strong>Bolet\u00edn Informativo de Primavera de 2025<\/strong><\/a><\/li>\n<li><a href=\"https:\/\/www.nativityjesuit.org\/wp-content\/uploads\/2024\/11\/NJA-Newsletter-Fall-2024-web.pdf\" target=\"_blank\" rel=\"noopener\"><strong>Bolet\u00edn Informativo de Oto\u00f1o de 2024<\/strong><\/a><\/li>\n<li><a href=\"https:\/\/www.nativityjesuit.org\/wp-content\/uploads\/2024\/05\/NJA-Newsletter-Spring-2024-web.pdf\" target=\"_blank\" rel=\"noopener\"><strong>Bolet\u00edn Informativo de Primavera de 2024<\/strong><\/a><\/li>\n<li><a href=\"https:\/\/www.nativityjesuit.org\/wp-content\/uploads\/2023\/12\/Nativity-Fall-Newsletter-2023.pdf\" target=\"_blank\" rel=\"noopener\"><strong>Bolet\u00edn Informativo de Oto\u00f1o de 2023<\/strong><\/a><\/li>\n<li><strong><a href=\"https:\/\/www.nativityjesuit.org\/es\/wp-content\/uploads\/2024\/01\/NJA-Newsletter-Spring-2023-web-1.pdf\">Bolet\u00edn Informativo de Primavera de 2023<\/a><\/strong><\/li>\n<li><strong><a href=\"https:\/\/www.nativityjesuit.org\/es\/wp-content\/uploads\/2024\/01\/NJA-Newsletter-Fall-2022-spreads-web-1.pdf\">Bolet\u00edn Informativo de Oto\u00f1o de 2022<\/a><\/strong><\/li>\n<li><strong><a href=\"https:\/\/www.nativityjesuit.org\/es\/wp-content\/uploads\/2024\/01\/NJA-Newsletter-Spring-2022-web.pdf\">Bolet\u00edn Informativo de Primavera de 2022<\/a><\/strong><\/li>\n<li><strong><a href=\"https:\/\/www.nativityjesuit.org\/es\/wp-content\/uploads\/2024\/01\/97914-NJA_FALL2021Mag-1-1.pdf\">Bolet\u00edn Informativo de Oto\u00f1o de 2021<\/a><\/strong><\/li>\n<li><strong><a href=\"https:\/\/www.nativityjesuit.org\/es\/wp-content\/uploads\/2021\/05\/NJA_SPRING2021Mag_finalsp.pdf\">Bolet\u00edn Informativo de Primavera de 2021<\/a><\/strong><\/li>\n<li><a href=\"https:\/\/www.nativityjesuit.org\/wp-content\/uploads\/2020\/12\/NJA_Newsletter_FALL2020.pdf\" target=\"_blank\" rel=\"noopener noreferrer\"><strong>Bolet\u00edn Informativo de Oto\u00f1o de 2020<\/strong><\/a><\/li>\n<li><strong><a href=\"https:\/\/www.nativityjesuit.org\/wp-content\/uploads\/2020\/06\/NJA_Spring2020Mag_finalweb.pdf\">Bolet\u00edn Informativo de Primavera de 2020<\/a><\/strong><\/li>\n<li><strong><a href=\"https:\/\/www.nativityjesuit.org\/es\/wp-content\/uploads\/2020\/01\/NJA-Winter-Newsletter-2019.pdf\">Bolet\u00edn Informativo de Invierno de 2019<\/a><\/strong><\/li>\n<li><strong><a href=\"https:\/\/www.nativityjesuit.org\/es\/wp-content\/uploads\/2019\/05\/2019-NJA-Spring-Newsletter.pdf\">Bolet\u00edn Informativo de Primavera de 2019<\/a><\/strong><\/li>\n<li><a href=\"https:\/\/www.nativityjesuit.org\/es\/wp-content\/uploads\/2018\/12\/2018-NJA-Fall-Newsletter.pdf\" target=\"_blank\" rel=\"noopener noreferrer\"><strong>Bolet\u00edn Informativo de Oto\u00f1o de 2018<\/strong><\/a><\/li>\n<li><a href=\"http:\/\/www.nativityjesuit.org\/wp-content\/uploads\/2018\/04\/2018-Nativity-Jesuit-Academy-Spring-Newsletter.pdf\" target=\"_blank\" rel=\"noopener noreferrer\"><strong>Bolet\u00edn Informativo de Primavera de 2018<\/strong><\/a><\/li>\n<\/ul>\n<p>[\/vc_column_text][\/vc_tta_section][vc_tta_section title=&#8221;Archivo de Medios&#8221; tab_id=&#8221;1637769551362-dbee1c81-da6e&#8221;][vc_column_text]<\/p>\n<div>\n<p><a href=\"https:\/\/milwaukeenns.org\/2020\/09\/15\/we-ask-parents-and-educators-how-to-make-the-best-out-of-a-challenging-school-year\/\">Milwaukee NNS (Septiembre de 2020) &#8211; &#8220;Preguntamos a padres y educadores c\u00f3mo aprovechar al m\u00e1ximo un a\u00f1o escolar desafiante&#8221;<\/a><\/p>\n<ul>\n<li>La Sra. Megan Fischer, maestra de tercer grado en Nativity, comparte su visi\u00f3n sobre la ense\u00f1anza durante la pandemia de COVID-19.<\/li>\n<\/ul>\n<\/div>\n<div class=\"gmail_default\"><a href=\"https:\/\/biztimes.com\/nativity-jesuit-academy-names-new-president\/\">Nativity Jesuit Academy nombra a su nueva Presidenta\u00a0<\/a><\/div>\n<div class=\"gmail_default\">\n<ul>\n<li>Nativity Jesuit se complace en darle la bienvenida a Maureen Schuerman como su nueva Presidenta.<\/li>\n<\/ul>\n<div><\/div>\n<div><a href=\"https:\/\/www.nativityjesuit.org\/es\/wp-content\/uploads\/2020\/02\/Questbridge-Scholars-Catholic-Herald-1.16.20.pdf\">Catholic Herald (Enero de 2020) &#8211; &#8220;Graduado de Nativity Jesuit Academy Galardonado con Prestigiosa Beca&#8221;<\/a><\/div>\n<div>\n<ul>\n<li>Carlos Ayala&#8217; 16 ha sido galardonado con $200,000+ de la Beca QuestBridge para asistir al California Institute of Technology (Caltech)<\/li>\n<\/ul>\n<div><\/div>\n<div><a href=\"https:\/\/www.nativityjesuit.org\/es\/wp-content\/uploads\/2020\/02\/BorsukSouthSideSchoolsArticle.pdf\">Journal Sentinel (Enero de 2020) &#8211; &#8220;Borsuk: Resurgimiento en el lado sur de Milwaukee, un auge en el crecimiento de las escuelas que participan en el programa Choice&#8221;<\/a><\/div>\n<\/div>\n<div>\n<ul>\n<li>El art\u00edculo destaca el crecimiento de las escuelas ubicadas en lado sur de Milwaukee, incluyendo Nativity Jesuit<\/li>\n<\/ul>\n<\/div>\n<\/div>\n<p><a href=\"https:\/\/biztimes.com\/nativity-jesuit-academy-expands-to-serve-milwaukees-growing-latino-population\/\">BizTimes (diciembre de 2019) &#8211; &#8220;Nativity Jesuit Academy se expande para servir a la creciente poblaci\u00f3n latina de Milwaukee&#8221;.<\/a><\/p>\n<ul>\n<li>El art\u00edculo describe el creciente impacto de Nativity en la comunidad en el lado sur de Milwaukee.<\/li>\n<\/ul>\n<p><a href=\"https:\/\/biztimes.com\/annual-events\/nonprofit-excellence-awards\/\">Premios a la excelencia sin fines de lucro (octubre de 2019)<\/a><\/p>\n<ul>\n<li>Sue Smith, Presidenta, es finalista para Ejecutiva sin fines de lucro del a\u00f1o de los Premios a la Excelencia sin fines de lucro de BizTimes Media.<\/li>\n<\/ul>\n<p><a href=\"https:\/\/www.marquette.edu\/alumni\/awards\/recipients\/meuler.php\">Premios Nacionales de Egresados de la Universidad de Marquette (Abril de 2019)<\/a><\/p>\n<ul>\n<li>John Meuler, Asistente de Director, honrado como Alumno Joven del A\u00f1o por la Universidad Marquette University, Helen Way Klinger Facultad de Artes y Ciencias.<\/li>\n<\/ul>\n<p><a href=\"https:\/\/www.biztimes.com\/2018\/industries\/nonprofit-philanthropy\/nativity-jesuit-academy-completes-2-5-million-expansion\/\" target=\"_blank\" rel=\"noopener noreferrer\">BizTimes (Septiembre de 2018) &#8211;\u00a0&#8220;La Academia Jesuita de Nativity completa una expansi\u00f3n de $ 2.5 millones &#8211; Escuela en medio de una campa\u00f1a de capital de $ 5 millones&#8221;<\/a><\/p>\n<ul>\n<li>El art\u00edculo analiza las renovaciones y la expansi\u00f3n de la escuela durante el verano de 2018 que se produjo para adaptarse a la creciente inscripci\u00f3n de estudiantes.<\/li>\n<\/ul>\n<p><a href=\"https:\/\/www.washingtonexaminer.com\/opinion\/school-choice-works-but-it-could-work-better\" target=\"_blank\" rel=\"noopener noreferrer\">Washington Examiner (Abril de 2018) &#8211;\u00a0&#8220;El Programa de Elecci\u00f3n de Escuelas (Choice) funciona, pero puede funcionar mejor&#8221;<\/a><\/p>\n<ul>\n<li>Un art\u00edculo de opini\u00f3n discute el <a href=\"http:\/\/www.will-law.org\/wp-content\/uploads\/2018\/04\/apples-to-apples-2-april-2018.pdf\" target=\"_blank\" rel=\"noopener noreferrer\">reporte<\/a> reciente del Instituto de Leyes Y Libertad de Wisconsin que compara el rendimiento acad\u00e9mico y los resultados de ex\u00e1menes a trav\u00e9s de los sectores escolares de Wisconsin. En el reporte, Nativity Jesuit est\u00e1 clasificado #8 de 1.972 escuelas elementar\u00edas y preparatorias en el estado de Wisconsin.<\/li>\n<\/ul>\n<p><a href=\"https:\/\/jesuitsmidwest.org\/news-detail?TN=NEWS-20180417043512\" target=\"_blank\" rel=\"noopener noreferrer\">Midwest Jesuits (Abril de 2018) &#8211; &#8220;Nativity Jesuit Academy anuncia nueva directora&#8221;<\/a><\/p>\n<ul>\n<li>Nativity Jesuit Academy est\u00e1\u00a0encantada de anunciar que a partir del\u00a0a\u00f1o escolar 2018-2019, Vanessa Solis asumir\u00e1 el papel de directora.<\/li>\n<\/ul>\n<p><a href=\"https:\/\/www.wsj.com\/articles\/do-school-vouchers-work-milwaukees-experiment-suggests-an-answer-1517162799\" target=\"_blank\" rel=\"noopener noreferrer\">Wall Street Journal (Enero de 2018) \u2013 &#8220;\u00bfFuncionan los v\u00e1uchers escolares?\u00a0 El experimento de Milwaukee sugiere una respuesta.&#8221;<\/a><\/p>\n<ul>\n<li>Nativity Jesuit Academy es mencionada en un art\u00edculo del Programa de Elecci\u00f3n de Escuelas (Choice) en Milwaukee. El art\u00edculo habla acerca de nuestros impresionantes resultados obtenidos\u00a0en las pruebas y la dificultad de servir a estudiantes y a sus familias viviendo en la pobreza.<\/li>\n<\/ul>\n<p><a href=\"http:\/\/www.njms.org\/es\/wp-content\/uploads\/2017\/12\/Jesuits-Magazine-Spring-2017.pdf\" target=\"_blank\" rel=\"noopener noreferrer\"><u>Midwest Jesuit Magazine (Primavera de 2017) &#8211; \u201cUn Hermano en el Extranjero\u201d<\/u><\/a><\/p>\n<ul>\n<li>Br. Matt Wooters, S.J., trabajador social de Nativity Jesuit Academy, habla de sus experiencias de trabajo en M\u00e9xico. Tambi\u00e9n se incluyen en la revista son miembros de la Junta Directiva de Nativity Jesuit, Richard Abert, S.J. y el P. Doug Leonhardt, S.J., as\u00ed como el Capellan de Nativity Jesuit Padre Mateo Walsh, S.J., y el Padre Timotthy Manatt, S.J. quien tambi\u00e9n preside misas en Nativity Jesuit durante el a\u00f1o escolar.<\/li>\n<\/ul>\n<p><a href=\"http:\/\/catholicherald.org\/catholic-herald\/general\/gift-god-hopes-gift-life\/\" target=\"_blank\" rel=\"noopener noreferrer\"><u>Catholic Herald (Enero de 2017) &#8211; \u201c<\/u><u>\u201c &#8216;Regalo de Dios&#8217; Las Esperanzas de Regalo de la Vida\u201d<\/u><\/a><\/p>\n<ul>\n<li>Jonathan Morales habla de su esperanza de un trasplante de ri\u00f1\u00f3n para salvar vidas.<\/li>\n<\/ul>\n<p><a href=\"http:\/\/archive.jsonline.com\/news\/milwaukee\/mentor-relationship-grows-into-16-year-friendship-b99742048z1-382587981.html\" target=\"_blank\" rel=\"noopener noreferrer\"><u>Milwaukee Journal Sentinel (Junio de 2016) &#8211; \u201cRelaci\u00f3n de Mentor se Convierte en Amistad de 16 a\u00f1os\u201d<\/u><\/a><\/p>\n<ul>\n<li>Jonathan Morales se gradu\u00f3 de Nativity Jesuit Middle School en el 2000. Su relaci\u00f3n con el mentor, Bob Wisniewski, continu\u00f3 hasta la secundaria.<\/li>\n<\/ul>\n<p><a href=\"http:\/\/www.njms.org\/es\/wp-content\/uploads\/2017\/12\/alive-spring-2016-web-Martina.pdf\" target=\"_blank\" rel=\"noopener noreferrer\"><u>Alive (Hermanas de las Escuelas de San Francisco &#8211; Primavera 2016) &#8211; \u201cLlevando la Misi\u00f3n a la Vida\u201d<\/u><\/a><\/p>\n<ul>\n<li>Programa de Voluntarios del Tau trajo Martina de la Rep\u00fablica Checa a Nativity!<\/li>\n<\/ul>\n<p><a href=\"https:\/\/www.msoe.edu\/about-msoe\/news\/details\/new-class-of-mba-fellows-in-education-leadership-unveiled\/\" target=\"_blank\" rel=\"noopener noreferrer\"><u>MSOE (Mayo de 2015) &#8211; \u201cNueva Clase de MBA en Liderazgo Fellows Educaci\u00f3n sin Velo\u201d<\/u><\/a><\/p>\n<ul>\n<li>El director de la Escuela Secundaria de Nativity Jesuit, John Meuler, se une a este enfoque innovador para el liderazgo escolar.<\/li>\n<\/ul>\n<p><a href=\"http:\/\/catholicherald.org\/news\/local\/even-in-retirement-sister-serves-others\/\" target=\"_blank\" rel=\"noopener noreferrer\"><u>Catholic Herald (Marzo de 2015) &#8211; \u201cIncluso en el Retiro, la Hermana Sirve a los Dem\u00e1s\u201d<\/u><\/a><\/p>\n<ul>\n<li>Natividad Jesuita est\u00e1 la suerte de tener un voluntario maravilloso en Bernadette.<\/li>\n<\/ul>\n<p><a href=\"http:\/\/www.nba.com\/bucks\/gallery\/jabari-parker-surprises-students-nativity-jesuit-middle-school\/\" target=\"_blank\" rel=\"noopener noreferrer\">Galer\u00eda de Milwaukee Bucks (Septiembre de 2014) \u2013 \u201cJabari Parker da una sorpresa a los estudiantes de Nativity Jesuit Middle School\u201d<\/a><\/p>\n<ul>\n<li>Una galer\u00eda de fotos de la visita sorpresa a Nativity Jesuit del jugador incre\u00edble de baloncesto Jabari Parker.<\/li>\n<\/ul>\n<p><a href=\"https:\/\/issuu.com\/muhs\/docs\/muhsmagissue4_2fa52d3d15d468\/28\" target=\"_blank\" rel=\"noopener noreferrer\"><u>MUHS Magazine (Verano \/ Oto\u00f1o de 2014) &#8211; \u201cCarlos Torres: Desde M\u00e9xico a la Escuela de Medicina\u201d<\/u>\u201d<\/a><\/p>\n<ul>\n<li>Carlos Torres se gradu\u00f3 de la Nativity Jesuit Middle School en el a\u00f1o 2002, de Marquette University High School en 2006, y ahora en la Facultad de Medicina de Harvard.<\/li>\n<\/ul>\n<p><a href=\"http:\/\/archive.jsonline.com\/news\/education\/time-to-emulate-a-longtime-educators-proven-methods-b9918434z1-208959201.html\" target=\"_blank\" rel=\"noopener noreferrer\"><u>Milwaukee Journal Sentinel (Mayo de 2013) &#8211; \u201cEl tiempo para emular los m\u00e9todos probados de un educador de toda la vida\u201d<\/u><\/a><\/p>\n<ul>\n<li>Un gran art\u00edculo sobre nuestro fundador, Larry Siewert, y esta escuela especial que \u00e9l ayud\u00f3 a crear.<\/li>\n<\/ul>\n<p><a href=\"http:\/\/catholicherald.org\/news\/local\/nativity-jesuit-celebrates-20-years\/\" target=\"_blank\" rel=\"noopener noreferrer\"><u>Catholic Herald (Mayo de 2013) &#8211; \u201cNativity Jesuit celebra 20 a\u00f1os\u201d<\/u><\/a><\/p>\n<ul>\n<li>Una mirada maravillosa en todo lo que ha hecho Natividad en sus primeras dos d\u00e9cadas.<\/li>\n<\/ul>\n<p><a href=\"http:\/\/catholicherald.org\/news\/local\/courting-leadership-teamwork-at-nativity\/\" target=\"_blank\" rel=\"noopener noreferrer\"><u>Catholic Herald (Mayo de 2013) &#8211; \u201cCourting Liderazgo, Trabajo en equipo en Nativity\u201d<\/u><\/a><\/p>\n<ul>\n<li>Los estudiantes de Nativity Jesuit est\u00e1n aprendiendo lecciones sobre la vida y el juego.<\/li>\n<\/ul>\n<p>[\/vc_column_text][\/vc_tta_section][\/vc_tta_accordion][vc_empty_space][vc_column_text]<\/p>\n<h3 style=\"text-align: center;\"><strong>Mantengase en Contacto<\/strong><\/h3>\n<p>[\/vc_column_text][vc_column_text]<\/p>\n<p style=\"text-align: center;\"><a href=\"https:\/\/www.facebook.com\/NativityJesuitAcademy\" target=\"_blank\" rel=\"noopener noreferrer\"><img loading=\"lazy\" decoding=\"async\" class=\"alignnone wp-image-3643\" src=\"https:\/\/www.nativityjesuit.org\/es\/wp-content\/uploads\/2020\/12\/email-1345971_1280-e1608062018146-150x150.png\" alt=\"\" width=\"70\" height=\"70\" srcset=\"https:\/\/www.nativityjesuit.org\/es\/wp-content\/uploads\/2020\/12\/email-1345971_1280-e1608062018146-150x150.png 150w, https:\/\/www.nativityjesuit.org\/es\/wp-content\/uploads\/2020\/12\/email-1345971_1280-e1608062018146-300x300.png 300w, https:\/\/www.nativityjesuit.org\/es\/wp-content\/uploads\/2020\/12\/email-1345971_1280-e1608062018146-460x460.png 460w, https:\/\/www.nativityjesuit.org\/es\/wp-content\/uploads\/2020\/12\/email-1345971_1280-e1608062018146.png 606w\" sizes=\"auto, (max-width: 70px) 100vw, 70px\" \/><img loading=\"lazy\" decoding=\"async\" class=\"alignnone wp-image-387\" src=\"http:\/\/www.njms.org\/es\/wp-content\/uploads\/2016\/11\/facebook-1.png\" alt=\"\" width=\"70\" height=\"70\" \/><\/a><a href=\"https:\/\/www.youtube.com\/channel\/UChwXxcuSf_y9BacteyQTC0A\" target=\"_blank\" rel=\"noopener noreferrer\"><img loading=\"lazy\" decoding=\"async\" class=\"wp-image-388 alignnone\" src=\"http:\/\/www.njms.org\/es\/wp-content\/uploads\/2016\/11\/youtube-1.png\" alt=\"\" width=\"70\" height=\"70\" \/><\/a><a href=\"https:\/\/www.instagram.com\/nativityjesuitacademy\/\" target=\"_blank\" rel=\"noopener noreferrer\"><img loading=\"lazy\" decoding=\"async\" class=\"wp-image-384 alignnone\" src=\"http:\/\/www.njms.org\/es\/wp-content\/uploads\/2016\/11\/instagram-1.png\" alt=\"\" width=\"70\" height=\"70\" \/><\/a><\/p>\n<p>[\/vc_column_text][vc_empty_space][vc_column_text]<!-- Begin Constant Contact Inline Form Code --><\/p>\n<div class=\"ctct-inline-form\" data-form-id=\"6cf365e1-d0aa-4a70-b142-02902b2e0500\"><\/div>\n<p>[\/vc_column_text][\/vc_column][vc_column width=&#8221;1\/3&#8243;][vc_column_text css=&#8221;.vc_custom_1701107358297{margin-top: 0px !important;margin-right: 0px !important;margin-bottom: 0px !important;margin-left: 0px !important;border-top-width: 0px !important;border-right-width: 0px !important;border-bottom-width: 0px !important;border-left-width: 0px !important;padding-top: 0px !important;padding-right: 0px !important;padding-bottom: 0px !important;padding-left: 0px !important;}&#8221;]<a class=\"btn-red-lar\" href=\"https:\/\/www.nativityjesuit.org\/es\/acerca-de-nosotros\/\">Acerca de Nosotros<\/a><br \/>\n<a class=\"btn-red-lar\" href=\"https:\/\/www.nativityjesuit.org\/es\/acerca-de-nosotros\/historia\/\">Historia<\/a><br \/>\n<a class=\"btn-red-lar\" href=\"https:\/\/www.nativityjesuit.org\/es\/acerca-de-nosotros\/mision\/\">Misi\u00f3n<\/a><br \/>\n<a class=\"btn-red-lar\" href=\"https:\/\/www.nativityjesuit.org\/es\/acerca-de-nosotros\/liderazgo\/\">Liderazgo<\/a><br \/>\n<a class=\"btn-red-lar\" href=\"https:\/\/www.nativityjesuit.org\/es\/acerca-de-nosotros\/directorio-de-personal-docente-y-administrativo\/\">Directorio de Personal<\/a><br \/>\n<a class=\"btn-red-lar\" href=\"https:\/\/www.nativityjesuit.org\/es\/acerca-de-nosotros\/oportunidades-de-empleo\/\">Oportunidades de Empleo<\/a><br \/>\n<a class=\"btn-red-lar\" href=\"https:\/\/www.nativityjesuit.org\/es\/acerca-de-nosotros\/noticias\/\">Nativity Jesuit en las Noticias<\/a><br \/>\n<a class=\"btn-red-lar\" href=\"https:\/\/www.nativityjesuit.org\/es\/acerca-de-nosotros\/patrocinio-ignaciano\/\">Patrocinio Ignaciano<\/a><br \/>\n<a class=\"btn-red-lar\" href=\"https:\/\/www.nativityjesuit.org\/es\/acerca-de-nosotros\/linea-de-tiempo\/\">L\u00ednea De Tiempo<\/a>[\/vc_column_text][vc_empty_space][\/vc_column][\/vc_row][vc_row][vc_column][\/vc_column][\/vc_row]<\/p>\n","protected":false},"excerpt":{"rendered":"<p>[vc_row row_type=&#8221;2&#8243; animate=&#8221;&#8221; blox_image=&#8221;4933&#8243; blox_bg_position=&#8221;left top&#8221; align_center=&#8221;aligncenter&#8221; full_container=&#8221;full-container&#8221; blox_padding_top=&#8221;225px&#8221; blox_padding_bottom=&#8221;120px&#8221;][vc_column css=&#8221;.vc_custom_1476198114328{margin-top: 0px !important;margin-right: 0px !important;margin-bottom: 0px !important;margin-left: 0px !important;border-top-width: 0px !important;border-right-width: 0px !important;border-bottom-width: 0px !important;border-left-width: 0px !important;padding-top: 0px !important;padding-right: 0px !important;padding-bottom: 0px !important;padding-left: 0px !important;}&#8221;][\/vc_column][\/vc_row][vc_row row_type=&#8221;2&#8243; animate=&#8221;&#8221; blox_padding_top=&#8221;60px&#8221; blox_padding_bottom=&#8221;60px&#8221;][vc_column width=&#8221;2\/3&#8243;][vc_column_text] Nativity Jesuit en las Noticias [\/vc_column_text][vc_column_text][\/vc_column_text][vc_column_text]Conozca las \u00faltimas noticias de Nativity Jesuit Academy en nuestro Bolet\u00edn de primavera 2026[\/vc_column_text][vc_empty_space][vc_tta_accordion active_section=&#8221;1&#8243; collapsible_all=&#8221;true&#8221;][vc_tta_section title=&#8221;Cobertura Medi\u00e1tica&#8221; tab_id=&#8221;1608061514236-d6a6267b-9be1&#8243;][vc_column_text] Catholic Herald (febrero 2026 ) &#8211; Maestra del A\u00f1o \u2013 Martha P\u00e9rez, Nativity Jesuit Academy, Milwaukee Descubra c\u00f3mo Martha Perez, galardonada como Maestra del A\u00f1o 2026 por el Catholic Herald, integra la fe, el aprendizaje socioemocional y los valores jesuitas para generar un impacto profundo en sus alumnos de K5 en Nativity Jesuit Academy. Martha P\u00e9rez, de Nativity Jesuit Academy, recibe el premio a la Maestra del A\u00f1o 2026 de Catholic Herald. En reconocimiento a su excepcional dedicaci\u00f3n a la ense\u00f1anza basada en la fe y a su profundo impacto en los j\u00f3venes estudiantes, la Sra. Martha P\u00e9rez ha sido nombrada una de las seis galardonadas con este prestigioso premio, en el marco de las celebraciones anuales de la Semana de las Escuelas Cat\u00f3licas. BizTimes (noviembre 2025) &#8211; &#8220;Gu\u00eda para donar&#8221; Consulte el perfil de Nativity, que incluye aspectos destacados de nuestra misi\u00f3n, fuentes de ingresos, liderazgo, resultados y c\u00f3mo los ciudadanos y las empresas pueden participar. Nativity Jesuit Academy #1 School In The City Of Milwaukee which includes private, public and high schools Consistent Excellence: Southside Catholic Jesuit School Receives 5-Star Rating for Seventh Year in a Row BizTimes (mayo de 2025) &#8211; Nativity Jesuit Academy inicia la construcci\u00f3n de un proyecto de campo de juego de $1.4 millones Nativity inicia la construcci\u00f3n del patio de juegos y el centro comercial peatonal Nicholas Family Field que beneficiar\u00e1 tanto a los estudiantes como a la comunidad&#8230;. <\/p>\n<p><a class=\"readmore\" href=\"https:\/\/www.nativityjesuit.org\/es\/acerca-de-nosotros\/noticias\/\">Continue Reading<\/a><\/p>\n","protected":false},"author":1,"featured_media":0,"parent":68,"menu_order":0,"comment_status":"closed","ping_status":"closed","template":"","meta":{"footnotes":""},"class_list":["post-218","page","type-page","status-publish","hentry"],"_links":{"self":[{"href":"https:\/\/www.nativityjesuit.org\/es\/wp-json\/wp\/v2\/pages\/218","targetHints":{"allow":["GET"]}}],"collection":[{"href":"https:\/\/www.nativityjesuit.org\/es\/wp-json\/wp\/v2\/pages"}],"about":[{"href":"https:\/\/www.nativityjesuit.org\/es\/wp-json\/wp\/v2\/types\/page"}],"author":[{"embeddable":true,"href":"https:\/\/www.nativityjesuit.org\/es\/wp-json\/wp\/v2\/users\/1"}],"replies":[{"embeddable":true,"href":"https:\/\/www.nativityjesuit.org\/es\/wp-json\/wp\/v2\/comments?post=218"}],"version-history":[{"count":235,"href":"https:\/\/www.nativityjesuit.org\/es\/wp-json\/wp\/v2\/pages\/218\/revisions"}],"predecessor-version":[{"id":5363,"href":"https:\/\/www.nativityjesuit.org\/es\/wp-json\/wp\/v2\/pages\/218\/revisions\/5363"}],"up":[{"embeddable":true,"href":"https:\/\/www.nativityjesuit.org\/es\/wp-json\/wp\/v2\/pages\/68"}],"wp:attachment":[{"href":"https:\/\/www.nativityjesuit.org\/es\/wp-json\/wp\/v2\/media?parent=218"}],"curies":[{"name":"wp","href":"https:\/\/api.w.org\/{rel}","templated":true}]}}