{"id":1922,"date":"2023-11-22T14:20:23","date_gmt":"2023-11-22T14:20:23","guid":{"rendered":"http:\/\/www.njms.org\/es\/?page_id=1922"},"modified":"2024-09-11T19:16:07","modified_gmt":"2024-09-11T19:16:07","slug":"linea-de-tiempo","status":"publish","type":"page","link":"https:\/\/www.nativityjesuit.org\/es\/acerca-de-nosotros\/linea-de-tiempo\/","title":{"rendered":"L\u00ednea De Tiempo"},"content":{"rendered":"<p>[vc_row row_type=&#8221;2&#8243; animate=&#8221;&#8221; blox_image=&#8221;4933&#8243; align_center=&#8221;aligncenter&#8221; full_container=&#8221;full-container&#8221; blox_padding_top=&#8221;225px&#8221; blox_padding_bottom=&#8221;120px&#8221;][vc_column css=&#8221;.vc_custom_1476198114328{margin-top: 0px !important;margin-right: 0px !important;margin-bottom: 0px !important;margin-left: 0px !important;border-top-width: 0px !important;border-right-width: 0px !important;border-bottom-width: 0px !important;border-left-width: 0px !important;padding-top: 0px !important;padding-right: 0px !important;padding-bottom: 0px !important;padding-left: 0px !important;}&#8221;][\/vc_column][\/vc_row][vc_row row_type=&#8221;2&#8243; animate=&#8221;&#8221; blox_padding_top=&#8221;80px&#8221; blox_padding_bottom=&#8221;20px&#8221;][vc_column][vc_column_text]<\/p>\n<h1 style=\"text-align: center;\">\u00a1CELEBRANDO 31 A\u00d1OS DE IMPACTO<\/h1>\n<p>[\/vc_column_text][\/vc_column][\/vc_row][vc_row row_type=&#8221;2&#8243; animate=&#8221;&#8221; blox_padding_top=&#8221;60px&#8221; blox_padding_bottom=&#8221;60px&#8221;][vc_column][vc_column_text]<\/p>\n<h2>1971<\/h2>\n<p>[\/vc_column_text][vc_row_inner][vc_column_inner width=&#8221;2\/3&#8243;][vc_column_text]El Nativity Mission Center fue fundado por los Jesuitas como una escuela secundaria exclusivamente para varones y gratuita en el Lower East Side de Manhattan. Atendi\u00f3 principalmente a inmigrantes Dominicanos y Puertorrique\u00f1os.<\/p>\n<p>&nbsp;<\/p>\n<p>Esto inici\u00f3 el modelo educativo \u00fanico de Nativity, que est\u00e1 expl\u00edcitamente basado en la fe, tiene un d\u00eda y a\u00f1o escolar extendido y acompa\u00f1a a los exalumnos con servicios de apoyo a los graduados.<\/p>\n<p>&nbsp;<\/p>\n<p>Si bien las escuelas modelo Nativity no comparten gobierno, forman una red colaborativa de 50 escuelas en los Estados Unidos y Canad\u00e1.[\/vc_column_text][\/vc_column_inner][vc_column_inner width=&#8221;1\/3&#8243;][vc_single_image image=&#8221;4707&#8243; img_size=&#8221;large&#8221; onclick=&#8221;link_image&#8221;][\/vc_column_inner][\/vc_row_inner][\/vc_column][\/vc_row][vc_row row_type=&#8221;2&#8243; animate=&#8221;&#8221; blox_padding_top=&#8221;60px&#8221; blox_padding_bottom=&#8221;60px&#8221;][vc_column][vc_column_text]<\/p>\n<h2>1993<\/h2>\n<p>[\/vc_column_text][vc_row_inner css=&#8221;.vc_custom_1697655898011{padding-bottom: 10px !important;}&#8221;][vc_column_inner width=&#8221;2\/3&#8243;][vc_column_text]Inspir\u00e1ndose en el modelo educativo de Nativity, los Jesuitas fundaron Nativity Jesuit Middle School (NJMS) en Milwaukee bajo el liderazgo del P. Bill Johnson SJ y Larry Siewert.<\/p>\n<p>&nbsp;<\/p>\n<p>Nativity busc\u00f3 servir a la creciente poblaci\u00f3n Latina de Milwaukee. Seg\u00fan Latino Milwaukee: A Statistical Portrait compilado por la Universidad de Wisconsin \u2013 Milwaukee y<\/p>\n<p>&nbsp;<\/p>\n<p>Greater Milwaukee Foundation, la poblaci\u00f3n latina del \u00e1rea metropolitana de Milwaukee aument\u00f3 en un 213% entre 1990 y 2014.<\/p>\n<p>&nbsp;<\/p>\n<p>Ubicada en el edificio de la escuela St. Patrick en 7th y Washington, la primera clase inscribi\u00f3 a catorce estudiantes de sexto grado. La primera experiencia de los estudiantes con Nativity fue conducir cinco horas hacia el norte del estado, hasta Camp Thunderhead, el programa residencial acad\u00e9mico de verano de Nativity. Este modelo \u00fanico de educaci\u00f3n, que inclu\u00eda un programa de instrucci\u00f3n durante todo el a\u00f1o, no se parec\u00eda a ninguna otra escuela de la ciudad.<\/p>\n<p>&nbsp;<\/p>\n<p>Junto al P. Bill y Larry, muchas personas adicionales fueron parte integral de la fundaci\u00f3n de NJMS, incluido el liderazgo acad\u00e9mico de la Hna. Jean Ellman, SSND, Anne Otto y Rosario S\u00e1nchez. La tremenda dedicaci\u00f3n de los profesores, el personal y los voluntarios de la comunidad proporcion\u00f3 un modelo de educaci\u00f3n hol\u00edstico e intensivo que nuestra ciudad nunca antes hab\u00eda visto. Durante los siguientes tres a\u00f1os, Nativity agreg\u00f3 un nivel de grado cada a\u00f1o para convertirse en una escuela intermedia de sexto a octavo grado.[\/vc_column_text][\/vc_column_inner][vc_column_inner width=&#8221;1\/3&#8243;][vc_single_image image=&#8221;4708&#8243; img_size=&#8221;large&#8221; onclick=&#8221;link_image&#8221; css=&#8221;.vc_custom_1700662935784{margin-bottom: 10px !important;}&#8221;][vc_single_image image=&#8221;4709&#8243; img_size=&#8221;large&#8221; onclick=&#8221;link_image&#8221;][\/vc_column_inner][\/vc_row_inner][\/vc_column][\/vc_row][vc_row row_type=&#8221;2&#8243; animate=&#8221;&#8221; blox_padding_top=&#8221;60px&#8221; blox_padding_bottom=&#8221;60px&#8221;][vc_column][vc_column_text]<\/p>\n<h2>1996<\/h2>\n<p>[\/vc_column_text][vc_row_inner css=&#8221;.vc_custom_1697655898011{padding-bottom: 10px !important;}&#8221;][vc_column_inner width=&#8221;2\/3&#8243;][vc_column_text]Nativity gradu\u00f3 su primera clase de alumnos. Al principio, todos los graduados asistieron a escuelas secundarias cat\u00f3licas del \u00e1rea, y tuvieron mentores que los guiaron durante esos a\u00f1os de formaci\u00f3n. Cuatro a\u00f1os despu\u00e9s, Juan Mart\u00edn &#8217;96 fue el primer graduado universitario de Nativity en Loras College en Dubuque, Iowa.[\/vc_column_text][\/vc_column_inner][vc_column_inner width=&#8221;1\/3&#8243;][vc_single_image image=&#8221;4710&#8243; img_size=&#8221;large&#8221; onclick=&#8221;link_image&#8221; css=&#8221;.vc_custom_1700662968911{margin-bottom: 10px !important;}&#8221;][\/vc_column_inner][\/vc_row_inner][\/vc_column][\/vc_row][vc_row row_type=&#8221;2&#8243; animate=&#8221;&#8221; blox_padding_top=&#8221;60px&#8221; blox_padding_bottom=&#8221;60px&#8221;][vc_column][vc_column_text]<\/p>\n<h2>1999<\/h2>\n<p>[\/vc_column_text][vc_row_inner css=&#8221;.vc_custom_1697655898011{padding-bottom: 10px !important;}&#8221;][vc_column_inner width=&#8221;2\/3&#8243;][vc_column_text]Nativity fund\u00f3 su Programa de Apoyo a Graduados con el objetivo de ayudar a los exalumnos a persistir y encontrar el \u00e9xito durante sus carreras en la escuela secundaria. Este programa emparej\u00f3 a exalumnos con voluntarios de la comunidad que sirvieron como mentores. Hasta el d\u00eda de hoy, Nativity brinda apoyo acad\u00e9mico, socioemocional, de preparaci\u00f3n universitaria y profesional y apoyo para la matr\u00edcula a sus ex alumnos en edad de escuela preparatoria.[\/vc_column_text][\/vc_column_inner][vc_column_inner width=&#8221;1\/3&#8243;][vc_single_image image=&#8221;4711&#8243; img_size=&#8221;large&#8221; onclick=&#8221;link_image&#8221; css=&#8221;.vc_custom_1700662979951{margin-bottom: 10px !important;}&#8221;][\/vc_column_inner][\/vc_row_inner][\/vc_column][\/vc_row][vc_row row_type=&#8221;2&#8243; animate=&#8221;&#8221; blox_padding_top=&#8221;60px&#8221; blox_padding_bottom=&#8221;60px&#8221;][vc_column][vc_column_text]<\/p>\n<h2>2004<\/h2>\n<p>[\/vc_column_text][vc_row_inner css=&#8221;.vc_custom_1697655898011{padding-bottom: 10px !important;}&#8221;][vc_column_inner width=&#8221;2\/3&#8243;][vc_column_text]Nativity se mud\u00f3 a 1515 S. 29th St, que est\u00e1 justo al sur de la avenida Greenfield. Este edificio era anteriormente &#8216;Marian Hall&#8217;, un dormitorio para las Hermanas del School Sisters of Saint Francis, cuya provincia de EE. UU. tiene su sede al otro lado de la calle y comenz\u00f3 su ministerio en escuelas parroquiales. A lo largo de los a\u00f1os, los estudiantes de Nativity han ofrecido su tiempo como voluntarios con las hermanas. La asociaci\u00f3n contin\u00faa en peque\u00f1as y grandes formas.[\/vc_column_text][\/vc_column_inner][vc_column_inner width=&#8221;1\/3&#8243;][vc_single_image image=&#8221;4712&#8243; img_size=&#8221;large&#8221; onclick=&#8221;link_image&#8221; css=&#8221;.vc_custom_1700662992631{margin-bottom: 10px !important;}&#8221;][\/vc_column_inner][\/vc_row_inner][\/vc_column][\/vc_row][vc_row row_type=&#8221;2&#8243; animate=&#8221;&#8221; blox_padding_top=&#8221;60px&#8221; blox_padding_bottom=&#8221;60px&#8221;][vc_column][vc_column_text]<\/p>\n<h2>2014<\/h2>\n<p>[\/vc_column_text][vc_row_inner css=&#8221;.vc_custom_1697655898011{padding-bottom: 10px !important;}&#8221;][vc_column_inner width=&#8221;2\/3&#8243;][vc_column_text]Para abordar las necesidades de nuestras familias, Nativity comenz\u00f3 a expandirse para agregar un programa de primaria comenzando con nuestra primera clase mixta K4 &#8220;pionera&#8221;. Vanessa Solis, presidenta de Nativity, fue la maestra inaugural de K4. Los padres apreciaron la posibilidad de enviar a sus hijos a la misma escuela desde K4 hasta 8vo grado.<\/p>\n<p>&nbsp;<\/p>\n<p>Con este cambio, Nativity Jesuit Middle School cambi\u00f3 su nombre a Nativity Jesuit Academy. En los a\u00f1os siguientes, la incorporaci\u00f3n de grados posteriores se administr\u00f3 cuidadosamente para garantizar la cohesi\u00f3n curricular y cultural entre los programas de la escuela primaria y secundaria.<\/p>\n<p>&nbsp;<\/p>\n<p>Durante este mismo a\u00f1o, Nativity se uni\u00f3 al Programa de Elecci\u00f3n de los Padres de Milwaukee, un programa de vales para toda la ciudad donde la elegibilidad se basa en la residencia y los ingresos familiares.[\/vc_column_text][\/vc_column_inner][vc_column_inner width=&#8221;1\/3&#8243;][vc_single_image image=&#8221;4713&#8243; img_size=&#8221;large&#8221; onclick=&#8221;link_image&#8221; css=&#8221;.vc_custom_1700663003129{margin-bottom: 10px !important;}&#8221;][\/vc_column_inner][\/vc_row_inner][\/vc_column][\/vc_row][vc_row row_type=&#8221;2&#8243; animate=&#8221;&#8221; blox_padding_top=&#8221;60px&#8221; blox_padding_bottom=&#8221;60px&#8221;][vc_column][vc_column_text]<\/p>\n<h2>2016-2020<\/h2>\n<p>[\/vc_column_text][vc_row_inner css=&#8221;.vc_custom_1697655898011{padding-bottom: 10px !important;}&#8221;][vc_column_inner width=&#8221;2\/3&#8243;][vc_column_text]Nativity llev\u00f3 a cabo su Campa\u00f1a Capital Transformando Vidas, recaudando $5 millones para expandir y modernizar sus campus de Milwaukee y Northwoods. Las ampliaciones se adaptaron al crecimiento de Nativity de 80 estudiantes de escuela intermedia a los casi 260 estudiantes a los que atendemos hoy.<\/p>\n<p>&nbsp;<\/p>\n<p>Esta expansi\u00f3n incluy\u00f3 una renovaci\u00f3n completa del tercer piso de nuestro campus de Milwaukee, que incluy\u00f3 cuatro nuevas aulas, una biblioteca mejorada, un laboratorio STEM, nuevos casilleros y espacios para reuniones. Nuestro s\u00f3tano fue mejorado con la creaci\u00f3n de las hermosas aulas de K4 y K5, apropiadas para el desarrollo. Otros espacios del edificio recibieron mejoras cosm\u00e9ticas con alfombras nuevas, muebles y paredes reci\u00e9n pintadas. Los centros principales del edificio, incluidas la capilla y la cafeter\u00eda, sufrieron importantes mejoras. Se compraron casas adicionales para ampliar el estacionamiento. El campus de Nativity en Northwoods, Camp Thunderhead, tambi\u00e9n recibi\u00f3 una serie de renovaciones para mejorar los espacios de aprendizaje y el alojamiento para los estudiantes y el personal.[\/vc_column_text][\/vc_column_inner][vc_column_inner width=&#8221;1\/3&#8243;][vc_single_image image=&#8221;4714&#8243; img_size=&#8221;large&#8221; onclick=&#8221;link_image&#8221; css=&#8221;.vc_custom_1700663015632{margin-bottom: 10px !important;}&#8221;][vc_single_image image=&#8221;4715&#8243; img_size=&#8221;large&#8221; onclick=&#8221;link_image&#8221; css=&#8221;.vc_custom_1700663022616{margin-bottom: 10px !important;}&#8221;][\/vc_column_inner][\/vc_row_inner][\/vc_column][\/vc_row][vc_row row_type=&#8221;2&#8243; animate=&#8221;&#8221; blox_padding_top=&#8221;60px&#8221; blox_padding_bottom=&#8221;60px&#8221;][vc_column][vc_column_text]<\/p>\n<h2>2023<\/h2>\n<p>[\/vc_column_text][vc_row_inner css=&#8221;.vc_custom_1697655898011{padding-bottom: 10px !important;}&#8221;][vc_column_inner width=&#8221;2\/3&#8243;][vc_column_text]El a\u00f1o escolar 2023-24 marca el 30 aniversario de Nativity. Durante los \u00faltimos treinta a\u00f1os, Nativity se ha mantenido firme en su misi\u00f3n de educar a los j\u00f3venes para una vida de liderazgo y servicio cristiano.<\/p>\n<p>&nbsp;<\/p>\n<p>Nativity actualmente inscribe a 256 estudiantes de K4 a 8vo grado y presta servicios a 97 ex alumnos de secundaria a trav\u00e9s de nuestro Programa de apoyo para graduados. El 99% de los estudiantes de Nativity se identifican como Latinos y el 100% califican para un vale del Programa Choice.[\/vc_column_text][\/vc_column_inner][vc_column_inner width=&#8221;1\/3&#8243;][vc_single_image image=&#8221;4716&#8243; img_size=&#8221;large&#8221; onclick=&#8221;link_image&#8221; css=&#8221;.vc_custom_1700663061736{margin-bottom: 10px !important;}&#8221;][\/vc_column_inner][\/vc_row_inner][\/vc_column][\/vc_row][vc_row row_type=&#8221;2&#8243; animate=&#8221;&#8221; blox_padding_top=&#8221;60px&#8221; blox_padding_bottom=&#8221;60px&#8221;][vc_column][vc_column_text]<\/p>\n<h2>May 2024<\/h2>\n<p>[\/vc_column_text][vc_row_inner css=&#8221;.vc_custom_1697655898011{padding-bottom: 10px !important;}&#8221;][vc_column_inner width=&#8221;2\/3&#8243;][vc_column_text]Nuestros \u201cpioneros\u201d, la clase inaugural de K4 en 2014, alcanzar\u00e1n dos hitos distintos: ser la primera clase mixta que se grad\u00faa, as\u00ed como el primer grupo de exalumnas en la historia de Nativity. Esta clase tiene muchas \u201cconexiones familiares\u201d en Nativity ya que muchos de sus hermanos tambi\u00e9n han pasado por nuestro programa.[\/vc_column_text][\/vc_column_inner][vc_column_inner width=&#8221;1\/3&#8243;][vc_single_image image=&#8221;4717&#8243; img_size=&#8221;large&#8221; onclick=&#8221;link_image&#8221; css=&#8221;.vc_custom_1700663073959{margin-bottom: 10px !important;}&#8221;][\/vc_column_inner][\/vc_row_inner][\/vc_column][\/vc_row]<\/p>\n","protected":false},"excerpt":{"rendered":"<p>[vc_row row_type=&#8221;2&#8243; animate=&#8221;&#8221; blox_image=&#8221;4933&#8243; align_center=&#8221;aligncenter&#8221; full_container=&#8221;full-container&#8221; blox_padding_top=&#8221;225px&#8221; blox_padding_bottom=&#8221;120px&#8221;][vc_column css=&#8221;.vc_custom_1476198114328{margin-top: 0px !important;margin-right: 0px !important;margin-bottom: 0px !important;margin-left: 0px !important;border-top-width: 0px !important;border-right-width: 0px !important;border-bottom-width: 0px !important;border-left-width: 0px !important;padding-top: 0px !important;padding-right: 0px !important;padding-bottom: 0px !important;padding-left: 0px !important;}&#8221;][\/vc_column][\/vc_row][vc_row row_type=&#8221;2&#8243; animate=&#8221;&#8221; blox_padding_top=&#8221;80px&#8221; blox_padding_bottom=&#8221;20px&#8221;][vc_column][vc_column_text] \u00a1CELEBRANDO 31 A\u00d1OS DE IMPACTO [\/vc_column_text][\/vc_column][\/vc_row][vc_row row_type=&#8221;2&#8243; animate=&#8221;&#8221; blox_padding_top=&#8221;60px&#8221; blox_padding_bottom=&#8221;60px&#8221;][vc_column][vc_column_text] 1971 [\/vc_column_text][vc_row_inner][vc_column_inner width=&#8221;2\/3&#8243;][vc_column_text]El Nativity Mission Center fue fundado por los Jesuitas como una escuela secundaria exclusivamente para varones y gratuita en el Lower East Side de Manhattan. Atendi\u00f3 principalmente a inmigrantes Dominicanos y Puertorrique\u00f1os. &nbsp; Esto inici\u00f3 el modelo educativo \u00fanico de Nativity, que est\u00e1 expl\u00edcitamente basado en la fe, tiene un d\u00eda y a\u00f1o escolar extendido y acompa\u00f1a a los exalumnos con servicios de apoyo a los graduados. &nbsp; Si bien las escuelas modelo Nativity no comparten gobierno, forman una red colaborativa de 50 escuelas en los Estados Unidos y Canad\u00e1.[\/vc_column_text][\/vc_column_inner][vc_column_inner width=&#8221;1\/3&#8243;][vc_single_image image=&#8221;4707&#8243; img_size=&#8221;large&#8221; onclick=&#8221;link_image&#8221;][\/vc_column_inner][\/vc_row_inner][\/vc_column][\/vc_row][vc_row row_type=&#8221;2&#8243; animate=&#8221;&#8221; blox_padding_top=&#8221;60px&#8221; blox_padding_bottom=&#8221;60px&#8221;][vc_column][vc_column_text] 1993 [\/vc_column_text][vc_row_inner css=&#8221;.vc_custom_1697655898011{padding-bottom: 10px !important;}&#8221;][vc_column_inner width=&#8221;2\/3&#8243;][vc_column_text]Inspir\u00e1ndose en el modelo educativo de Nativity, los Jesuitas fundaron Nativity Jesuit Middle School (NJMS) en Milwaukee bajo el liderazgo del P. Bill Johnson SJ y Larry Siewert. &nbsp; Nativity busc\u00f3 servir a la creciente poblaci\u00f3n Latina de Milwaukee. Seg\u00fan Latino Milwaukee: A Statistical Portrait compilado por la Universidad de Wisconsin \u2013 Milwaukee y &nbsp; Greater Milwaukee Foundation, la poblaci\u00f3n latina del \u00e1rea metropolitana de Milwaukee aument\u00f3 en un 213% entre 1990 y 2014. &nbsp; Ubicada en el edificio de la escuela St. Patrick en 7th y Washington, la primera clase inscribi\u00f3 a catorce estudiantes de sexto grado. La primera experiencia de los estudiantes con Nativity fue conducir cinco horas hacia el norte del estado, hasta Camp Thunderhead, el programa residencial acad\u00e9mico de verano de Nativity. Este modelo \u00fanico de educaci\u00f3n, que inclu\u00eda un programa de instrucci\u00f3n durante todo el a\u00f1o, no se parec\u00eda a ninguna otra escuela&#8230; <\/p>\n<p><a class=\"readmore\" href=\"https:\/\/www.nativityjesuit.org\/es\/acerca-de-nosotros\/linea-de-tiempo\/\">Continue Reading<\/a><\/p>\n","protected":false},"author":1,"featured_media":0,"parent":68,"menu_order":0,"comment_status":"closed","ping_status":"closed","template":"","meta":{"footnotes":""},"class_list":["post-1922","page","type-page","status-publish","hentry"],"_links":{"self":[{"href":"https:\/\/www.nativityjesuit.org\/es\/wp-json\/wp\/v2\/pages\/1922","targetHints":{"allow":["GET"]}}],"collection":[{"href":"https:\/\/www.nativityjesuit.org\/es\/wp-json\/wp\/v2\/pages"}],"about":[{"href":"https:\/\/www.nativityjesuit.org\/es\/wp-json\/wp\/v2\/types\/page"}],"author":[{"embeddable":true,"href":"https:\/\/www.nativityjesuit.org\/es\/wp-json\/wp\/v2\/users\/1"}],"replies":[{"embeddable":true,"href":"https:\/\/www.nativityjesuit.org\/es\/wp-json\/wp\/v2\/comments?post=1922"}],"version-history":[{"count":8,"href":"https:\/\/www.nativityjesuit.org\/es\/wp-json\/wp\/v2\/pages\/1922\/revisions"}],"predecessor-version":[{"id":4955,"href":"https:\/\/www.nativityjesuit.org\/es\/wp-json\/wp\/v2\/pages\/1922\/revisions\/4955"}],"up":[{"embeddable":true,"href":"https:\/\/www.nativityjesuit.org\/es\/wp-json\/wp\/v2\/pages\/68"}],"wp:attachment":[{"href":"https:\/\/www.nativityjesuit.org\/es\/wp-json\/wp\/v2\/media?parent=1922"}],"curies":[{"name":"wp","href":"https:\/\/api.w.org\/{rel}","templated":true}]}}